{"id":2573,"date":"2024-01-25T06:19:18","date_gmt":"2024-01-25T06:19:18","guid":{"rendered":"https:\/\/laserratosa.com\/la-piedra\/"},"modified":"2024-06-03T16:58:29","modified_gmt":"2024-06-03T16:58:29","slug":"la-piedra","status":"publish","type":"page","link":"https:\/\/laserratosa.com\/es\/la-piedra\/","title":{"rendered":"LA PIEDRA"},"content":{"rendered":"\t\t<div data-elementor-type=\"wp-page\" data-elementor-id=\"2573\" class=\"elementor elementor-2573 elementor-117\" data-elementor-post-type=\"page\">\n\t\t\t\t<div class=\"elementor-element elementor-element-37ee951 e-con-full e-flex e-con e-parent\" data-id=\"37ee951\" data-element_type=\"container\" data-e-type=\"container\" data-settings=\"{&quot;background_background&quot;:&quot;classic&quot;}\">\n\t\t<div class=\"elementor-element elementor-element-8ab0e6b e-con-full e-flex e-con e-child\" data-id=\"8ab0e6b\" data-element_type=\"container\" data-e-type=\"container\" data-settings=\"{&quot;background_background&quot;:&quot;classic&quot;}\">\n\t\t\t\t<div class=\"elementor-element elementor-element-86fb5ae elementor-widget elementor-widget-heading\" data-id=\"86fb5ae\" data-element_type=\"widget\" data-e-type=\"widget\" data-widget_type=\"heading.default\">\n\t\t\t\t<div class=\"elementor-widget-container\">\n\t\t\t\t\t<h1 class=\"elementor-heading-title elementor-size-default\">LA PIEDRA<\/h1>\t\t\t\t<\/div>\n\t\t\t\t<\/div>\n\t\t\t\t<\/div>\n\t\t<div class=\"elementor-element elementor-element-fc51d3e e-con-full e-flex e-con e-child\" data-id=\"fc51d3e\" data-element_type=\"container\" data-e-type=\"container\" data-settings=\"{&quot;background_background&quot;:&quot;classic&quot;}\">\n\t\t\t\t<div class=\"elementor-element elementor-element-23ed918 elementor-widget elementor-widget-text-editor\" data-id=\"23ed918\" data-element_type=\"widget\" data-e-type=\"widget\" data-widget_type=\"text-editor.default\">\n\t\t\t\t<div class=\"elementor-widget-container\">\n\t\t\t\t\t\t\t\t\t<p><em>Fotograf\u00eda de Cristina Arjonilla<\/em><\/p>\n\t\t\t\t\t\t\t\t<\/div>\n\t\t\t\t<\/div>\n\t\t\t\t<\/div>\n\t\t\t\t<\/div>\n\t\t\t\t<section class=\"elementor-section elementor-top-section elementor-element elementor-element-7fef23a elementor-section-full_width elementor-section-height-default elementor-section-height-default\" data-id=\"7fef23a\" data-element_type=\"section\" data-e-type=\"section\" data-settings=\"{&quot;background_background&quot;:&quot;classic&quot;}\">\n\t\t\t\t\t\t\t<div class=\"elementor-background-overlay\"><\/div>\n\t\t\t\t\t\t\t<div class=\"elementor-container elementor-column-gap-default\">\n\t\t\t\t\t<div class=\"elementor-column elementor-col-100 elementor-top-column elementor-element elementor-element-51e18af\" data-id=\"51e18af\" data-element_type=\"column\" data-e-type=\"column\">\n\t\t\t<div class=\"elementor-widget-wrap elementor-element-populated\">\n\t\t\t\t\t\t<div class=\"elementor-element elementor-element-beb0dfe elementor-widget elementor-widget-text-editor\" data-id=\"beb0dfe\" data-element_type=\"widget\" data-e-type=\"widget\" data-widget_type=\"text-editor.default\">\n\t\t\t\t<div class=\"elementor-widget-container\">\n\t\t\t\t\t\t\t\t\t<p><em>Fotograf\u00eda de Cristina Arjonilla<\/em><\/p>\n\t\t\t\t\t\t\t\t<\/div>\n\t\t\t\t<\/div>\n\t\t\t\t<div class=\"elementor-element elementor-element-970c557 elementor-widget elementor-widget-spacer\" data-id=\"970c557\" data-element_type=\"widget\" data-e-type=\"widget\" data-widget_type=\"spacer.default\">\n\t\t\t\t<div class=\"elementor-widget-container\">\n\t\t\t\t\t\t\t<div class=\"elementor-spacer\">\n\t\t\t<div class=\"elementor-spacer-inner\"><\/div>\n\t\t<\/div>\n\t\t\t\t\t\t<\/div>\n\t\t\t\t<\/div>\n\t\t\t\t\t<\/div>\n\t\t<\/div>\n\t\t\t\t\t<\/div>\n\t\t<\/section>\n\t\t\t\t<section class=\"elementor-section elementor-top-section elementor-element elementor-element-687ebdf elementor-section-full_width elementor-section-height-default elementor-section-height-default\" data-id=\"687ebdf\" data-element_type=\"section\" data-e-type=\"section\" data-settings=\"{&quot;background_background&quot;:&quot;gradient&quot;}\">\n\t\t\t\t\t\t<div class=\"elementor-container elementor-column-gap-default\">\n\t\t\t\t\t<div class=\"elementor-column elementor-col-100 elementor-top-column elementor-element elementor-element-6cff73f\" data-id=\"6cff73f\" data-element_type=\"column\" data-e-type=\"column\">\n\t\t\t<div class=\"elementor-widget-wrap elementor-element-populated\">\n\t\t\t\t<div class=\"elementor-element elementor-element-587784b e-con-full e-flex e-con e-parent\" data-id=\"587784b\" data-element_type=\"container\" data-e-type=\"container\" data-settings=\"{&quot;background_background&quot;:&quot;gradient&quot;}\">\n\t\t<div class=\"elementor-element elementor-element-095d027 e-con-full e-flex e-con e-child\" data-id=\"095d027\" data-element_type=\"container\" data-e-type=\"container\">\n\t\t\t\t<div class=\"elementor-element elementor-element-32e17cc elementor-widget__width-inherit elementor-widget-divider--view-line elementor-invisible elementor-widget elementor-widget-divider\" data-id=\"32e17cc\" data-element_type=\"widget\" data-e-type=\"widget\" data-settings=\"{&quot;_animation&quot;:&quot;fadeIn&quot;}\" data-widget_type=\"divider.default\">\n\t\t\t\t<div class=\"elementor-widget-container\">\n\t\t\t\t\t\t\t<div class=\"elementor-divider\">\n\t\t\t<span class=\"elementor-divider-separator\">\n\t\t\t\t\t\t<\/span>\n\t\t<\/div>\n\t\t\t\t\t\t<\/div>\n\t\t\t\t<\/div>\n\t\t\t\t<div class=\"elementor-element elementor-element-6fb3eaa elementor-widget__width-initial elementor-widget-tablet__width-inherit elementor-widget elementor-widget-heading\" data-id=\"6fb3eaa\" data-element_type=\"widget\" data-e-type=\"widget\" data-widget_type=\"heading.default\">\n\t\t\t\t<div class=\"elementor-widget-container\">\n\t\t\t\t\t<h2 class=\"elementor-heading-title elementor-size-default\">LA PIEDRA<\/h2>\t\t\t\t<\/div>\n\t\t\t\t<\/div>\n\t\t\t\t<div class=\"elementor-element elementor-element-9476299 elementor-widget__width-initial elementor-widget-tablet__width-inherit elementor-widget elementor-widget-text-editor\" data-id=\"9476299\" data-element_type=\"widget\" data-e-type=\"widget\" data-widget_type=\"text-editor.default\">\n\t\t\t\t<div class=\"elementor-widget-container\">\n\t\t\t\t\t\t\t\t\t<p>Desde hace ya m\u00e1s de diez a\u00f1os, La Pedra ha acompa\u00f1ado a centenares de personas es su proceso de autoconocimiento. \u00bfC\u00f3mo lo hacemos? A trav\u00e9s de la psicolog\u00eda humanista, t\u00e8cnisca de desbloqueo corporal i el contacto con la naturaleza&nbsp;.<\/p>\n<p>Actualmente la Pedra ofrece la formaci\u00f3n en desenvolupament hum\u00e0 i natura.<\/p>\n<p><b>Rub\u00e9n L\u00f3pez y Josep Maria Casassas<\/b><\/p>\t\t\t\t\t\t\t\t<\/div>\n\t\t\t\t<\/div>\n\t\t\t\t<\/div>\n\t\t\t\t<\/div>\n\t\t\t\t\t<\/div>\n\t\t<\/div>\n\t\t\t\t\t<\/div>\n\t\t<\/section>\n\t\t<div class=\"elementor-element elementor-element-9863c35 e-con-full e-flex e-con e-parent\" data-id=\"9863c35\" data-element_type=\"container\" data-e-type=\"container\" data-settings=\"{&quot;background_background&quot;:&quot;classic&quot;}\">\n\t\t\t\t<div class=\"elementor-element elementor-element-5a2696c elementor-widget elementor-widget-heading\" data-id=\"5a2696c\" data-element_type=\"widget\" data-e-type=\"widget\" data-widget_type=\"heading.default\">\n\t\t\t\t<div class=\"elementor-widget-container\">\n\t\t\t\t\t<p class=\"elementor-heading-title elementor-size-default\">M\u00e1s informaci\u00f3n sobre La Serratosa<\/p>\t\t\t\t<\/div>\n\t\t\t\t<\/div>\n\t\t\t\t<div class=\"elementor-element elementor-element-db346e3 elementor-widget elementor-widget-heading\" data-id=\"db346e3\" data-element_type=\"widget\" data-e-type=\"widget\" data-widget_type=\"heading.default\">\n\t\t\t\t<div class=\"elementor-widget-container\">\n\t\t\t\t\t<h2 class=\"elementor-heading-title elementor-size-default\">Ponte en contacto con nosotros<\/h2>\t\t\t\t<\/div>\n\t\t\t\t<\/div>\n\t\t\t\t<div class=\"elementor-element elementor-element-c2b5ec8 elementor-align--mobilecenter elementor-align-center elementor-widget elementor-widget-elementskit-button\" data-id=\"c2b5ec8\" data-element_type=\"widget\" data-e-type=\"widget\" data-widget_type=\"elementskit-button.default\">\n\t\t\t\t<div class=\"elementor-widget-container\">\n\t\t\t\t\t<div class=\"ekit-wid-con\" >\t\t<div class=\"ekit-btn-wraper\">\n\t\t\t\t\t\t\t<a href=\"https:\/\/laserratosa.com\/es\/contactar\/\" class=\"elementskit-btn  whitespace--normal\" id=\"\">\n\t\t\t\t\tContactar\t\t\t\t<\/a>\n\t\t\t\t\t<\/div>\n        <\/div>\t\t\t\t<\/div>\n\t\t\t\t<\/div>\n\t\t\t\t<\/div>\n\t\t\t\t<\/div>\n\t\t","protected":false},"excerpt":{"rendered":"<p>LA PIEDRA Fotograf\u00eda de Cristina Arjonilla Fotograf\u00eda de Cristina Arjonilla LA PIEDRA Desde hace ya m\u00e1s de diez a\u00f1os, La Pedra ha acompa\u00f1ado a centenares de personas es su proceso de autoconocimiento. \u00bfC\u00f3mo lo hacemos? A trav\u00e9s de la psicolog\u00eda humanista, t\u00e8cnisca de desbloqueo corporal i el contacto con la naturaleza&nbsp;. Actualmente la Pedra ofrece [&hellip;]<\/p>\n","protected":false},"author":1,"featured_media":0,"parent":0,"menu_order":0,"comment_status":"closed","ping_status":"closed","template":"elementor_header_footer","meta":{"footnotes":""},"class_list":["post-2573","page","type-page","status-publish","hentry"],"yoast_head":"<!-- This site is optimized with the Yoast SEO plugin v27.5 - https:\/\/yoast.com\/product\/yoast-seo-wordpress\/ -->\n<title>Autoconocimiento y Bienestar en la Naturaleza | La Piedra de La Serratosa<\/title>\n<meta name=\"description\" content=\"La Piedra ha acompa\u00f1ado a cientos de personas en su proceso de autoconocimiento durante m\u00e1s de diez a\u00f1os. Descubre nuestra formaci\u00f3n en desarrollo humano y naturaleza.\" \/>\n<meta name=\"robots\" content=\"index, follow, max-snippet:-1, max-image-preview:large, max-video-preview:-1\" \/>\n<link rel=\"canonical\" href=\"https:\/\/laserratosa.com\/es\/la-piedra\/\" \/>\n<meta property=\"og:locale\" content=\"es_ES\" \/>\n<meta property=\"og:type\" content=\"article\" \/>\n<meta property=\"og:title\" content=\"Autoconocimiento y Bienestar en la Naturaleza | La Piedra de La Serratosa\" \/>\n<meta property=\"og:description\" content=\"La Piedra ha acompa\u00f1ado a cientos de personas en su proceso de autoconocimiento durante m\u00e1s de diez a\u00f1os. Descubre nuestra formaci\u00f3n en desarrollo humano y naturaleza.\" \/>\n<meta property=\"og:url\" content=\"https:\/\/laserratosa.com\/es\/la-piedra\/\" \/>\n<meta property=\"og:site_name\" content=\"La Serratosa\" \/>\n<meta property=\"article:modified_time\" content=\"2024-06-03T16:58:29+00:00\" \/>\n<meta name=\"twitter:card\" content=\"summary_large_image\" \/>\n<meta name=\"twitter:label1\" content=\"Tiempo de lectura\" \/>\n\t<meta name=\"twitter:data1\" content=\"1 minuto\" \/>\n<script type=\"application\/ld+json\" class=\"yoast-schema-graph\">{\"@context\":\"https:\\\/\\\/schema.org\",\"@graph\":[{\"@type\":\"WebPage\",\"@id\":\"https:\\\/\\\/laserratosa.com\\\/es\\\/la-piedra\\\/\",\"url\":\"https:\\\/\\\/laserratosa.com\\\/es\\\/la-piedra\\\/\",\"name\":\"Autoconocimiento y Bienestar en la Naturaleza | La Piedra de La Serratosa\",\"isPartOf\":{\"@id\":\"https:\\\/\\\/laserratosa.com\\\/es\\\/#website\"},\"datePublished\":\"2024-01-25T06:19:18+00:00\",\"dateModified\":\"2024-06-03T16:58:29+00:00\",\"description\":\"La Piedra ha acompa\u00f1ado a cientos de personas en su proceso de autoconocimiento durante m\u00e1s de diez a\u00f1os. Descubre nuestra formaci\u00f3n en desarrollo humano y naturaleza.\",\"breadcrumb\":{\"@id\":\"https:\\\/\\\/laserratosa.com\\\/es\\\/la-piedra\\\/#breadcrumb\"},\"inLanguage\":\"es\",\"potentialAction\":[{\"@type\":\"ReadAction\",\"target\":[\"https:\\\/\\\/laserratosa.com\\\/es\\\/la-piedra\\\/\"]}]},{\"@type\":\"BreadcrumbList\",\"@id\":\"https:\\\/\\\/laserratosa.com\\\/es\\\/la-piedra\\\/#breadcrumb\",\"itemListElement\":[{\"@type\":\"ListItem\",\"position\":1,\"name\":\"Home\",\"item\":\"https:\\\/\\\/laserratosa.com\\\/es\\\/\"},{\"@type\":\"ListItem\",\"position\":2,\"name\":\"LA PIEDRA\"}]},{\"@type\":\"WebSite\",\"@id\":\"https:\\\/\\\/laserratosa.com\\\/es\\\/#website\",\"url\":\"https:\\\/\\\/laserratosa.com\\\/es\\\/\",\"name\":\"La Serratosa\",\"description\":\"\",\"publisher\":{\"@id\":\"https:\\\/\\\/laserratosa.com\\\/es\\\/#organization\"},\"potentialAction\":[{\"@type\":\"SearchAction\",\"target\":{\"@type\":\"EntryPoint\",\"urlTemplate\":\"https:\\\/\\\/laserratosa.com\\\/es\\\/?s={search_term_string}\"},\"query-input\":{\"@type\":\"PropertyValueSpecification\",\"valueRequired\":true,\"valueName\":\"search_term_string\"}}],\"inLanguage\":\"es\"},{\"@type\":\"Organization\",\"@id\":\"https:\\\/\\\/laserratosa.com\\\/es\\\/#organization\",\"name\":\"La Serratosa\",\"url\":\"https:\\\/\\\/laserratosa.com\\\/es\\\/\",\"logo\":{\"@type\":\"ImageObject\",\"inLanguage\":\"es\",\"@id\":\"https:\\\/\\\/laserratosa.com\\\/es\\\/#\\\/schema\\\/logo\\\/image\\\/\",\"url\":\"https:\\\/\\\/laserratosa.com\\\/wp-content\\\/uploads\\\/2024\\\/01\\\/Serratosa.png\",\"contentUrl\":\"https:\\\/\\\/laserratosa.com\\\/wp-content\\\/uploads\\\/2024\\\/01\\\/Serratosa.png\",\"width\":355,\"height\":345,\"caption\":\"La Serratosa\"},\"image\":{\"@id\":\"https:\\\/\\\/laserratosa.com\\\/es\\\/#\\\/schema\\\/logo\\\/image\\\/\"}}]}<\/script>\n<!-- \/ Yoast SEO plugin. -->","yoast_head_json":{"title":"Autoconocimiento y Bienestar en la Naturaleza | La Piedra de La Serratosa","description":"La Piedra ha acompa\u00f1ado a cientos de personas en su proceso de autoconocimiento durante m\u00e1s de diez a\u00f1os. Descubre nuestra formaci\u00f3n en desarrollo humano y naturaleza.","robots":{"index":"index","follow":"follow","max-snippet":"max-snippet:-1","max-image-preview":"max-image-preview:large","max-video-preview":"max-video-preview:-1"},"canonical":"https:\/\/laserratosa.com\/es\/la-piedra\/","og_locale":"es_ES","og_type":"article","og_title":"Autoconocimiento y Bienestar en la Naturaleza | La Piedra de La Serratosa","og_description":"La Piedra ha acompa\u00f1ado a cientos de personas en su proceso de autoconocimiento durante m\u00e1s de diez a\u00f1os. Descubre nuestra formaci\u00f3n en desarrollo humano y naturaleza.","og_url":"https:\/\/laserratosa.com\/es\/la-piedra\/","og_site_name":"La Serratosa","article_modified_time":"2024-06-03T16:58:29+00:00","twitter_card":"summary_large_image","twitter_misc":{"Tiempo de lectura":"1 minuto"},"schema":{"@context":"https:\/\/schema.org","@graph":[{"@type":"WebPage","@id":"https:\/\/laserratosa.com\/es\/la-piedra\/","url":"https:\/\/laserratosa.com\/es\/la-piedra\/","name":"Autoconocimiento y Bienestar en la Naturaleza | La Piedra de La Serratosa","isPartOf":{"@id":"https:\/\/laserratosa.com\/es\/#website"},"datePublished":"2024-01-25T06:19:18+00:00","dateModified":"2024-06-03T16:58:29+00:00","description":"La Piedra ha acompa\u00f1ado a cientos de personas en su proceso de autoconocimiento durante m\u00e1s de diez a\u00f1os. Descubre nuestra formaci\u00f3n en desarrollo humano y naturaleza.","breadcrumb":{"@id":"https:\/\/laserratosa.com\/es\/la-piedra\/#breadcrumb"},"inLanguage":"es","potentialAction":[{"@type":"ReadAction","target":["https:\/\/laserratosa.com\/es\/la-piedra\/"]}]},{"@type":"BreadcrumbList","@id":"https:\/\/laserratosa.com\/es\/la-piedra\/#breadcrumb","itemListElement":[{"@type":"ListItem","position":1,"name":"Home","item":"https:\/\/laserratosa.com\/es\/"},{"@type":"ListItem","position":2,"name":"LA PIEDRA"}]},{"@type":"WebSite","@id":"https:\/\/laserratosa.com\/es\/#website","url":"https:\/\/laserratosa.com\/es\/","name":"La Serratosa","description":"","publisher":{"@id":"https:\/\/laserratosa.com\/es\/#organization"},"potentialAction":[{"@type":"SearchAction","target":{"@type":"EntryPoint","urlTemplate":"https:\/\/laserratosa.com\/es\/?s={search_term_string}"},"query-input":{"@type":"PropertyValueSpecification","valueRequired":true,"valueName":"search_term_string"}}],"inLanguage":"es"},{"@type":"Organization","@id":"https:\/\/laserratosa.com\/es\/#organization","name":"La Serratosa","url":"https:\/\/laserratosa.com\/es\/","logo":{"@type":"ImageObject","inLanguage":"es","@id":"https:\/\/laserratosa.com\/es\/#\/schema\/logo\/image\/","url":"https:\/\/laserratosa.com\/wp-content\/uploads\/2024\/01\/Serratosa.png","contentUrl":"https:\/\/laserratosa.com\/wp-content\/uploads\/2024\/01\/Serratosa.png","width":355,"height":345,"caption":"La Serratosa"},"image":{"@id":"https:\/\/laserratosa.com\/es\/#\/schema\/logo\/image\/"}}]}},"_links":{"self":[{"href":"https:\/\/laserratosa.com\/es\/wp-json\/wp\/v2\/pages\/2573","targetHints":{"allow":["GET"]}}],"collection":[{"href":"https:\/\/laserratosa.com\/es\/wp-json\/wp\/v2\/pages"}],"about":[{"href":"https:\/\/laserratosa.com\/es\/wp-json\/wp\/v2\/types\/page"}],"author":[{"embeddable":true,"href":"https:\/\/laserratosa.com\/es\/wp-json\/wp\/v2\/users\/1"}],"replies":[{"embeddable":true,"href":"https:\/\/laserratosa.com\/es\/wp-json\/wp\/v2\/comments?post=2573"}],"version-history":[{"count":57,"href":"https:\/\/laserratosa.com\/es\/wp-json\/wp\/v2\/pages\/2573\/revisions"}],"predecessor-version":[{"id":4837,"href":"https:\/\/laserratosa.com\/es\/wp-json\/wp\/v2\/pages\/2573\/revisions\/4837"}],"wp:attachment":[{"href":"https:\/\/laserratosa.com\/es\/wp-json\/wp\/v2\/media?parent=2573"}],"curies":[{"name":"wp","href":"https:\/\/api.w.org\/{rel}","templated":true}]}}